{"id":3253,"date":"2020-03-28T18:16:13","date_gmt":"2020-03-28T18:16:13","guid":{"rendered":"https:\/\/lhchosting.com\/hosna\/?post_type=product&#038;p=3253"},"modified":"2021-12-19T09:23:46","modified_gmt":"2021-12-19T09:23:46","slug":"coffrets-de-forets-pour-carrelage-hex-9-ceramic","status":"publish","type":"product","link":"https:\/\/eurlhosnakamel.dz\/dz\/produit\/coffrets-de-forets-pour-carrelage-hex-9-ceramic\/","title":{"rendered":"Coffrets de forets pour carrelage HEX-9 Ceramic"},"content":{"rendered":"<section id=\"anchor-product-highlights\" class=\"m-product_hightlights trackingModule\" data-track_moduletype=\"M49_ac_product_highlights\">\n<div class=\"container\">\n<h2 class=\"headline hl1\">Avantages produit<\/h2>\n<div class=\"row\">\n<div class=\"col-md-6 xs-mb-30 lg-mb-0\">\n<h3 class=\"headline hl4\">Coffrets de forets pour carrelage HEX-9 Ceramic<\/h3>\n<p>Le foret pour carrelage HEX-9 permet le per\u00e7age rapide du carrelage<\/p>\n<ul>\n<li>Les ar\u00eates de coupe diamant\u00e9es asym\u00e9triques \u00e0 7\u00a0c\u00f4t\u00e9s tranchent facilement les mat\u00e9riaux pour un per\u00e7age tr\u00e8s rapide<\/li>\n<li>La double h\u00e9lice en forme de U assure une \u00e9vacuation efficace de la poussi\u00e8re, pour un per\u00e7age plus rapide<\/li>\n<\/ul>\n<p><a class=\"link\" href=\"https:\/\/www.bosch-professional.com\/fr\/fr\/coffrets-de-forets-pour-carrelage-hex-9-ceramic-2593160-ocs-ac\/#anchor-product-table\">Vers l&#8217;aper\u00e7u des variantes<\/a><\/p>\n<div class=\"m-product_hightlights__description\">\n<h3 class=\"headline hl4\">D\u00e9tails produit<\/h3>\n<div>\n<p>Le foret pour carrelage HEX-9 permet un per\u00e7age rapide du carrelage. Les ar\u00eates de coupe diamant\u00e9es asym\u00e9triques \u00e0 7\u00a0c\u00f4t\u00e9s, qui tranchent facilement les mat\u00e9riaux, permettent un per\u00e7age \u00e0 haute vitesse. La double h\u00e9lice en forme de U assure une \u00e9vacuation efficace de la poussi\u00e8re, pour un per\u00e7age plus rapide. Ce foret est con\u00e7u pour \u00eatre utilis\u00e9 pour le per\u00e7age du carrelage, de la porcelaine et de la c\u00e9ramique \u00e0 densit\u00e9 faible ou moyenne. Il peut \u00eatre utilis\u00e9 sur les visseuses \u00e0 percussion gr\u00e2ce \u00e0 sa queue hexagonale, ainsi que sur les visseuses standard gr\u00e2ce \u00e0 l&#8217;ajout de mandrins.<\/p>\n<\/div>\n<div>\n<p>Ce foret doit uniquement \u00eatre utilis\u00e9 \u00e0 faible vitesse et sans percussion. Aucun refroidissement n&#8217;est n\u00e9cessaire.<\/p>\n<\/div>\n<\/div>\n<\/div>\n<div class=\"col-md-6\">\n<h3 class=\"headline hl4\">Fonctions<\/h3>\n<div class=\"image-row\">\n<div class=\"image-col\"><img decoding=\"async\" class=\"img-responsive ls-is-cached lazyloaded\" title=\"\" src=\"https:\/\/www.bosch-professional.com\/binary\/ocsmedia\/optimized\/100x100\/o282585v82_pick_and_click_box.png\" sizes=\"(max-width: 767px) 100px, (min-width: 768px) and (max-width: 991px) 100px, (-webkit-min-device-pixel-ratio: 2.0) and (min-width: 1000px) 200px, 100px\" srcset=\" https:\/\/www.bosch-professional.com\/binary\/ocsmedia\/optimized\/100x100\/o282585v82_pick_and_click_box.png 100w, https:\/\/www.bosch-professional.com\/binary\/ocsmedia\/optimized\/200x200\/o282585v82_pick_and_click_box.png 200w \" alt=\"\" data-srcset=\" https:\/\/www.bosch-professional.com\/binary\/ocsmedia\/optimized\/100x100\/o282585v82_pick_and_click_box.png 100w, https:\/\/www.bosch-professional.com\/binary\/ocsmedia\/optimized\/200x200\/o282585v82_pick_and_click_box.png 200w \" \/> <img decoding=\"async\" class=\"img-responsive lazyloaded\" title=\"\" src=\"https:\/\/www.bosch-professional.com\/binary\/ocsmedia\/optimized\/100x100\/o235721v82_PTAC_B_HighlyRobust_1C_160212.png\" sizes=\"(max-width: 767px) 100px, (min-width: 768px) and (max-width: 991px) 100px, (-webkit-min-device-pixel-ratio: 2.0) and (min-width: 1000px) 200px, 100px\" srcset=\" https:\/\/www.bosch-professional.com\/binary\/ocsmedia\/optimized\/100x100\/o235721v82_PTAC_B_HighlyRobust_1C_160212.png 100w, https:\/\/www.bosch-professional.com\/binary\/ocsmedia\/optimized\/200x200\/o235721v82_PTAC_B_HighlyRobust_1C_160212.png 200w \" alt=\"\" data-srcset=\" https:\/\/www.bosch-professional.com\/binary\/ocsmedia\/optimized\/100x100\/o235721v82_PTAC_B_HighlyRobust_1C_160212.png 100w, https:\/\/www.bosch-professional.com\/binary\/ocsmedia\/optimized\/200x200\/o235721v82_PTAC_B_HighlyRobust_1C_160212.png 200w \" \/> <img decoding=\"async\" class=\"img-responsive ls-is-cached lazyloaded\" title=\"\" src=\"https:\/\/www.bosch-professional.com\/binary\/ocsmedia\/optimized\/100x100\/o235720v82_PTAC_A_Modular-Sets-Illustration_Front_1C_160219.png\" sizes=\"(max-width: 767px) 100px, (min-width: 768px) and (max-width: 991px) 100px, (-webkit-min-device-pixel-ratio: 2.0) and (min-width: 1000px) 200px, 100px\" srcset=\" https:\/\/www.bosch-professional.com\/binary\/ocsmedia\/optimized\/100x100\/o235720v82_PTAC_A_Modular-Sets-Illustration_Front_1C_160219.png 100w, https:\/\/www.bosch-professional.com\/binary\/ocsmedia\/optimized\/200x200\/o235720v82_PTAC_A_Modular-Sets-Illustration_Front_1C_160219.png 200w \" alt=\"\" data-srcset=\" https:\/\/www.bosch-professional.com\/binary\/ocsmedia\/optimized\/100x100\/o235720v82_PTAC_A_Modular-Sets-Illustration_Front_1C_160219.png 100w, https:\/\/www.bosch-professional.com\/binary\/ocsmedia\/optimized\/200x200\/o235720v82_PTAC_A_Modular-Sets-Illustration_Front_1C_160219.png 200w \" \/>\u00a0<img decoding=\"async\" class=\"img-responsive ls-is-cached lazyloaded\" title=\"\" src=\"https:\/\/www.bosch-professional.com\/binary\/ocsmedia\/optimized\/100x100\/o235719v82_PTAC_A_Modular-Sets-Illustration_Back_1C_160218.png\" sizes=\"(max-width: 767px) 100px, (min-width: 768px) and (max-width: 991px) 100px, (-webkit-min-device-pixel-ratio: 2.0) and (min-width: 1000px) 200px, 100px\" srcset=\" https:\/\/www.bosch-professional.com\/binary\/ocsmedia\/optimized\/100x100\/o235719v82_PTAC_A_Modular-Sets-Illustration_Back_1C_160218.png 100w, https:\/\/www.bosch-professional.com\/binary\/ocsmedia\/optimized\/200x200\/o235719v82_PTAC_A_Modular-Sets-Illustration_Back_1C_160218.png 200w \" alt=\"\" data-srcset=\" https:\/\/www.bosch-professional.com\/binary\/ocsmedia\/optimized\/100x100\/o235719v82_PTAC_A_Modular-Sets-Illustration_Back_1C_160218.png 100w, https:\/\/www.bosch-professional.com\/binary\/ocsmedia\/optimized\/200x200\/o235719v82_PTAC_A_Modular-Sets-Illustration_Back_1C_160218.png 200w \" \/>\u00a0<img decoding=\"async\" class=\"img-responsive ls-is-cached lazyloaded\" title=\"\" src=\"https:\/\/www.bosch-professional.com\/binary\/ocsmedia\/optimized\/100x100\/o235718v82_Modular-Sets-Illustration_Back_II_1C_160330.png\" sizes=\"(max-width: 767px) 100px, (min-width: 768px) and (max-width: 991px) 100px, (-webkit-min-device-pixel-ratio: 2.0) and (min-width: 1000px) 200px, 100px\" srcset=\" https:\/\/www.bosch-professional.com\/binary\/ocsmedia\/optimized\/100x100\/o235718v82_Modular-Sets-Illustration_Back_II_1C_160330.png 100w, https:\/\/www.bosch-professional.com\/binary\/ocsmedia\/optimized\/200x200\/o235718v82_Modular-Sets-Illustration_Back_II_1C_160330.png 200w \" alt=\"\" data-srcset=\" https:\/\/www.bosch-professional.com\/binary\/ocsmedia\/optimized\/100x100\/o235718v82_Modular-Sets-Illustration_Back_II_1C_160330.png 100w, https:\/\/www.bosch-professional.com\/binary\/ocsmedia\/optimized\/200x200\/o235718v82_Modular-Sets-Illustration_Back_II_1C_160330.png 200w \" \/>\u00a0<img decoding=\"async\" class=\"img-responsive lazyloaded\" title=\"\" src=\"https:\/\/www.bosch-professional.com\/binary\/ocsmedia\/optimized\/100x100\/o235722v82_PTAC_HighStrengthBody_4C_160212.png\" sizes=\"(max-width: 767px) 100px, (min-width: 768px) and (max-width: 991px) 100px, (-webkit-min-device-pixel-ratio: 2.0) and (min-width: 1000px) 200px, 100px\" srcset=\" https:\/\/www.bosch-professional.com\/binary\/ocsmedia\/optimized\/100x100\/o235722v82_PTAC_HighStrengthBody_4C_160212.png 100w, https:\/\/www.bosch-professional.com\/binary\/ocsmedia\/optimized\/200x200\/o235722v82_PTAC_HighStrengthBody_4C_160212.png 200w \" alt=\"\" data-srcset=\" https:\/\/www.bosch-professional.com\/binary\/ocsmedia\/optimized\/100x100\/o235722v82_PTAC_HighStrengthBody_4C_160212.png 100w, https:\/\/www.bosch-professional.com\/binary\/ocsmedia\/optimized\/200x200\/o235722v82_PTAC_HighStrengthBody_4C_160212.png 200w \" \/>\u00a0<img decoding=\"async\" class=\"img-responsive lazyloaded\" title=\"\" src=\"https:\/\/www.bosch-professional.com\/binary\/ocsmedia\/optimized\/100x100\/o150766v82_psr3314_transparent.png\" sizes=\"(max-width: 767px) 100px, (min-width: 768px) and (max-width: 991px) 100px, (-webkit-min-device-pixel-ratio: 2.0) and (min-width: 1000px) 200px, 100px\" srcset=\" https:\/\/www.bosch-professional.com\/binary\/ocsmedia\/optimized\/100x100\/o150766v82_psr3314_transparent.png 100w, https:\/\/www.bosch-professional.com\/binary\/ocsmedia\/optimized\/200x200\/o150766v82_psr3314_transparent.png 200w \" alt=\"\" data-srcset=\" https:\/\/www.bosch-professional.com\/binary\/ocsmedia\/optimized\/100x100\/o150766v82_psr3314_transparent.png 100w, https:\/\/www.bosch-professional.com\/binary\/ocsmedia\/optimized\/200x200\/o150766v82_psr3314_transparent.png 200w \" \/>\u00a0<img decoding=\"async\" class=\"img-responsive lazyloaded\" title=\"\" src=\"https:\/\/www.bosch-professional.com\/binary\/ocsmedia\/optimized\/100x100\/o182073v82_Precise.png\" sizes=\"(max-width: 767px) 100px, (min-width: 768px) and (max-width: 991px) 100px, (-webkit-min-device-pixel-ratio: 2.0) and (min-width: 1000px) 200px, 100px\" srcset=\" https:\/\/www.bosch-professional.com\/binary\/ocsmedia\/optimized\/100x100\/o182073v82_Precise.png 100w, https:\/\/www.bosch-professional.com\/binary\/ocsmedia\/optimized\/200x200\/o182073v82_Precise.png 200w \" alt=\"\" data-srcset=\" https:\/\/www.bosch-professional.com\/binary\/ocsmedia\/optimized\/100x100\/o182073v82_Precise.png 100w, https:\/\/www.bosch-professional.com\/binary\/ocsmedia\/optimized\/200x200\/o182073v82_Precise.png 200w \" \/><\/div>\n<\/div>\n<\/div>\n<\/div>\n<\/div>\n<\/section>\n<section id=\"anchor-product-table\" class=\"o-filter_table xs-pt-30 sm-pt-50 xs-pb-30 sm-pb-50 trackingModule\" data-track_moduletype=\"O19_ac_filter_table\">\n<div class=\"container\">\n<div class=\"o-filter_table\">\n<h2 class=\"headline hl1\">Aper\u00e7u des variantes<\/h2>\n<div class=\"headline hl4\">Cliquez sur la fl\u00e8che \u00e0 c\u00f4t\u00e9 d&#8217;une variante produit pour obtenir plus d&#8217;informations et d&#8217;options d&#8217;achat.<\/div>\n<div class=\"o-filter_table__filters\">\n<div class=\"o-filter_table__filters__counter\"><span class=\"count\">3<\/span>\u00a0Variantes de produit disponibles<\/div>\n<div id=\"DataTables_Table_0_wrapper\" class=\"dataTables_wrapper no-footer\">\n<table id=\"DataTables_Table_0\" class=\"m-datatable m-datatable--collapsible dataTable no-footer dtr-inline\" role=\"grid\">\n<thead>\n<tr role=\"row\">\n<th class=\"sku control sorting_disabled\" colspan=\"1\" rowspan=\"1\" data-priority=\"2\" aria-label=\"Num\u00e9ro de commande\">Num\u00e9ro de commande<\/th>\n<th class=\"sorting\" tabindex=\"0\" colspan=\"1\" rowspan=\"1\" data-priority=\"1\" aria-controls=\"DataTables_Table_0\" aria-label=\"Diam\u00e8tre [mm]: activate to sort column ascending\">Diam\u00e8tre [mm]<\/th>\n<th class=\"sorting\" tabindex=\"0\" colspan=\"1\" rowspan=\"1\" data-priority=\"1\" aria-controls=\"DataTables_Table_0\" aria-label=\"Longueur utile [mm]: activate to sort column ascending\">Longueur utile [mm]<\/th>\n<th class=\"sorting\" tabindex=\"0\" colspan=\"1\" rowspan=\"1\" data-priority=\"3\" aria-controls=\"DataTables_Table_0\" aria-label=\"Longueur totale [mm]: activate to sort column ascending\">Longueur totale [mm]<\/th>\n<th class=\"sorting\" tabindex=\"0\" colspan=\"1\" rowspan=\"1\" data-priority=\"3\" aria-controls=\"DataTables_Table_0\" aria-label=\"Dimensions(s) du set [mm]: activate to sort column ascending\">Dimensions(s) du set [mm]<\/th>\n<th class=\"sorting\" tabindex=\"0\" colspan=\"1\" rowspan=\"1\" data-priority=\"3\" aria-controls=\"DataTables_Table_0\" aria-label=\"Contenu de l'emballage: activate to sort column ascending\">Contenu de l&#8217;emballage<\/th>\n<th class=\"cta no-sort sorting_disabled\" colspan=\"1\" rowspan=\"1\" data-priority=\"3\" aria-label=\"\"><\/th>\n<\/tr>\n<\/thead>\n<tbody>\n<tr id=\"2608589527\" class=\"odd\" role=\"row\">\n<td class=\"sku trackingTeaser control\" tabindex=\"0\" data-track_teasertype=\"Product Variant\" data-track_teasercontent=\"Forets \u00e0 carrelage HEX-9 Ceramic, set de 3 pi\u00e8ces\">\n<div id=\"sku-2608589527\" class=\"no-break-word trackingElement\" data-ajax-src=\"https:\/\/www.bosch-professional.com\/fr\/fr\/accessories\/forets-a-carrelage-hex-9-ceramic-set-de-3-pieces-2608589527--2593160\" data-track_domevent=\"click\" data-track_elementtype=\"Text\" data-track_dyn_eventsubtype=\"onsite\" data-track_dyn_eventaction=\"view\" data-track_elementinfo=\"2 608 589 527\"><span class=\"a-ordernumber\">2 608 589 527<\/span><\/div>\n<\/td>\n<td>5,0 \/ 6,0 \/ 8,0<\/td>\n<td>45<\/td>\n<td>90<\/td>\n<td>&#8211;<\/td>\n<td data-order=\"3\"><\/td>\n<td class=\"cta no-toggle trackingTeaser\" data-track_teasertype=\"Bosch Partner\" data-track_teasercontent=\"Forets \u00e0 carrelage HEX-9 Ceramic, set de 3 pi\u00e8ces\"><\/td>\n<\/tr>\n<tr id=\"2608577142\" class=\"even\" role=\"row\">\n<td class=\"sku trackingTeaser control\" tabindex=\"0\" data-track_teasertype=\"Product Variant\" data-track_teasercontent=\"Hex-9 Ceramic, 3 mm, 4 mm, 5 mm, 5 mm, 6 mm, 6 mm, 8 mm, 10 mm\">\n<div id=\"sku-2608577142\" class=\"no-break-word trackingElement\" data-ajax-src=\"https:\/\/www.bosch-professional.com\/fr\/fr\/accessories\/hex-9-ceramic-3-mm-4-mm-5-mm-5-mm-6-mm-6-mm-8-mm-10-mm-2608577142--2593160\" data-track_domevent=\"click\" data-track_elementtype=\"Text\" data-track_dyn_eventsubtype=\"onsite\" data-track_dyn_eventaction=\"view\" data-track_elementinfo=\"2 608 577 142\"><span class=\"a-ordernumber\">2 608 577 142<\/span><\/div>\n<\/td>\n<td>3,0 \/ 4,0 \/ 5,0 \/ 5,0 \/ 6,0 \/ 6,0 \/ 8,0 \/ 10,0<\/td>\n<td>&#8211;<\/td>\n<td>70 \/ 70 \/ 70 \/ 70 \/ 80 \/ 80 \/ 80 \/ 90<\/td>\n<td>22,0 x 105,0 x 200<\/td>\n<td data-order=\"0\"><\/td>\n<td class=\"cta no-toggle trackingTeaser\" data-track_teasertype=\"Bosch Dealer\" data-track_teasercontent=\"Hex-9 Ceramic, 3 mm, 4 mm, 5 mm, 5 mm, 6 mm, 6 mm, 8 mm, 10 mm\"><\/td>\n<\/tr>\n<tr id=\"2608589528\" class=\"odd\" role=\"row\">\n<td class=\"sku trackingTeaser control\" tabindex=\"0\" data-track_teasertype=\"Product Variant\" data-track_teasercontent=\"Forets \u00e0 carrelage HEX-9 Ceramic, set de 5 pi\u00e8ces\">\n<div id=\"sku-2608589528\" class=\"no-break-word trackingElement\" data-ajax-src=\"https:\/\/www.bosch-professional.com\/fr\/fr\/accessories\/forets-a-carrelage-hex-9-ceramic-set-de-5-pieces-2608589528--2593160\" data-track_domevent=\"click\" data-track_elementtype=\"Text\" data-track_dyn_eventsubtype=\"onsite\" data-track_dyn_eventaction=\"view\" data-track_elementinfo=\"2 608 589 528\"><span class=\"a-ordernumber\">2 608 589 528<\/span><\/div>\n<\/td>\n<td>4,0 \/ 5,0 \/ 6,0 \/ 8,0 \/ 10,0<\/td>\n<td>45<\/td>\n<td>90<\/td>\n<td>&#8211;<\/td>\n<td data-order=\"5\">5 Unit.<\/td>\n<\/tr>\n<\/tbody>\n<\/table>\n<\/div>\n<\/div>\n<\/div>\n<\/div>\n<\/section>\n","protected":false},"excerpt":{"rendered":"<p>Le foret pour carrelage HEX-9 permet le per\u00e7age rapide du carrelage<\/p>\n","protected":false},"featured_media":3255,"template":"","meta":[],"product_cat":[459],"product_tag":[],"class_list":{"0":"post-3253","1":"product","2":"type-product","3":"status-publish","4":"has-post-thumbnail","6":"product_cat-accessoires","7":"product_brand-bosch-outillage","9":"first","10":"instock","11":"featured","12":"shipping-taxable","13":"product-type-simple","14":"col-xs-6 col-sm-4","15":"col-md-3 col-lg-3","16":"un-4-cols"},"yoast_head":"<!-- This site is optimized with the Yoast SEO plugin v22.5 - https:\/\/yoast.com\/wordpress\/plugins\/seo\/ -->\n<title>Coffrets de forets pour carrelage HEX-9 Ceramic - EURL HOSNA KAMEL<\/title>\n<meta name=\"description\" content=\"Coffrets de forets pour carrelage HEX-9 Ceramic - EURL HOSNA KAMEL\" \/>\n<meta name=\"robots\" content=\"index, follow, max-snippet:-1, max-image-preview:large, max-video-preview:-1\" \/>\n<link rel=\"canonical\" href=\"https:\/\/eurlhosnakamel.dz\/dz\/produit\/coffrets-de-forets-pour-carrelage-hex-9-ceramic\/\" \/>\n<meta property=\"og:locale\" content=\"fr_FR\" \/>\n<meta property=\"og:type\" content=\"article\" \/>\n<meta property=\"og:title\" content=\"Coffrets de forets pour carrelage HEX-9 Ceramic - EURL HOSNA KAMEL\" \/>\n<meta property=\"og:description\" content=\"Coffrets de forets pour carrelage HEX-9 Ceramic - EURL HOSNA KAMEL\" \/>\n<meta property=\"og:url\" content=\"https:\/\/eurlhosnakamel.dz\/dz\/produit\/coffrets-de-forets-pour-carrelage-hex-9-ceramic\/\" \/>\n<meta property=\"og:site_name\" content=\"EURL HOSNA KAMEL\" \/>\n<meta property=\"article:publisher\" content=\"https:\/\/www.facebook.com\/Eurl.Hosna.DZ\/\" \/>\n<meta property=\"article:modified_time\" content=\"2021-12-19T09:23:46+00:00\" \/>\n<meta property=\"og:image\" content=\"https:\/\/eurlhosnakamel.dz\/dz\/wp-content\/uploads\/2020\/03\/accessoire-bosch-Coffrets-de-forets-pour-carrelage-HEX-9-Ceramic.jpg\" \/>\n\t<meta property=\"og:image:width\" content=\"500\" \/>\n\t<meta property=\"og:image:height\" content=\"500\" \/>\n\t<meta property=\"og:image:type\" content=\"image\/jpeg\" \/>\n<meta name=\"twitter:card\" content=\"summary_large_image\" \/>\n<meta name=\"twitter:label1\" content=\"Dur\u00e9e de lecture estim\u00e9e\" \/>\n\t<meta name=\"twitter:data1\" content=\"1 minute\" \/>\n<script type=\"application\/ld+json\" class=\"yoast-schema-graph\">{\"@context\":\"https:\/\/schema.org\",\"@graph\":[{\"@type\":\"WebPage\",\"@id\":\"https:\/\/eurlhosnakamel.dz\/dz\/produit\/coffrets-de-forets-pour-carrelage-hex-9-ceramic\/\",\"url\":\"https:\/\/eurlhosnakamel.dz\/dz\/produit\/coffrets-de-forets-pour-carrelage-hex-9-ceramic\/\",\"name\":\"Coffrets de forets pour carrelage HEX-9 Ceramic - EURL HOSNA KAMEL\",\"isPartOf\":{\"@id\":\"https:\/\/eurlhosnakamel.dz\/dz\/#website\"},\"primaryImageOfPage\":{\"@id\":\"https:\/\/eurlhosnakamel.dz\/dz\/produit\/coffrets-de-forets-pour-carrelage-hex-9-ceramic\/#primaryimage\"},\"image\":{\"@id\":\"https:\/\/eurlhosnakamel.dz\/dz\/produit\/coffrets-de-forets-pour-carrelage-hex-9-ceramic\/#primaryimage\"},\"thumbnailUrl\":\"https:\/\/eurlhosnakamel.dz\/dz\/wp-content\/uploads\/2020\/03\/accessoire-bosch-Coffrets-de-forets-pour-carrelage-HEX-9-Ceramic.jpg\",\"datePublished\":\"2020-03-28T18:16:13+00:00\",\"dateModified\":\"2021-12-19T09:23:46+00:00\",\"description\":\"Coffrets de forets pour carrelage HEX-9 Ceramic - EURL HOSNA KAMEL\",\"breadcrumb\":{\"@id\":\"https:\/\/eurlhosnakamel.dz\/dz\/produit\/coffrets-de-forets-pour-carrelage-hex-9-ceramic\/#breadcrumb\"},\"inLanguage\":\"fr-FR\",\"potentialAction\":[{\"@type\":\"ReadAction\",\"target\":[\"https:\/\/eurlhosnakamel.dz\/dz\/produit\/coffrets-de-forets-pour-carrelage-hex-9-ceramic\/\"]}]},{\"@type\":\"ImageObject\",\"inLanguage\":\"fr-FR\",\"@id\":\"https:\/\/eurlhosnakamel.dz\/dz\/produit\/coffrets-de-forets-pour-carrelage-hex-9-ceramic\/#primaryimage\",\"url\":\"https:\/\/eurlhosnakamel.dz\/dz\/wp-content\/uploads\/2020\/03\/accessoire-bosch-Coffrets-de-forets-pour-carrelage-HEX-9-Ceramic.jpg\",\"contentUrl\":\"https:\/\/eurlhosnakamel.dz\/dz\/wp-content\/uploads\/2020\/03\/accessoire-bosch-Coffrets-de-forets-pour-carrelage-HEX-9-Ceramic.jpg\",\"width\":500,\"height\":500,\"caption\":\"accessoire-bosch-Coffrets de forets pour carrelage HEX-9 Ceramic\"},{\"@type\":\"BreadcrumbList\",\"@id\":\"https:\/\/eurlhosnakamel.dz\/dz\/produit\/coffrets-de-forets-pour-carrelage-hex-9-ceramic\/#breadcrumb\",\"itemListElement\":[{\"@type\":\"ListItem\",\"position\":1,\"name\":\"Accueil\",\"item\":\"https:\/\/eurlhosnakamel.dz\/dz\/\"},{\"@type\":\"ListItem\",\"position\":2,\"name\":\"Shop\",\"item\":\"https:\/\/eurlhosnakamel.dz\/dz\/shop\/\"},{\"@type\":\"ListItem\",\"position\":3,\"name\":\"Coffrets de forets pour carrelage HEX-9 Ceramic\"}]},{\"@type\":\"WebSite\",\"@id\":\"https:\/\/eurlhosnakamel.dz\/dz\/#website\",\"url\":\"https:\/\/eurlhosnakamel.dz\/dz\/\",\"name\":\"EURL HOSNA KAMEL\",\"description\":\"Fournisseur Premium d&#039;Outillages Professionnels en Alg\u00e9rie -\",\"publisher\":{\"@id\":\"https:\/\/eurlhosnakamel.dz\/dz\/#organization\"},\"potentialAction\":[{\"@type\":\"SearchAction\",\"target\":{\"@type\":\"EntryPoint\",\"urlTemplate\":\"https:\/\/eurlhosnakamel.dz\/dz\/?s={search_term_string}\"},\"query-input\":\"required name=search_term_string\"}],\"inLanguage\":\"fr-FR\"},{\"@type\":\"Organization\",\"@id\":\"https:\/\/eurlhosnakamel.dz\/dz\/#organization\",\"name\":\"EURL HOSNA KAMEL - Bosch alg\u00e9rie\",\"url\":\"https:\/\/eurlhosnakamel.dz\/dz\/\",\"logo\":{\"@type\":\"ImageObject\",\"inLanguage\":\"fr-FR\",\"@id\":\"https:\/\/eurlhosnakamel.dz\/dz\/#\/schema\/logo\/image\/\",\"url\":\"https:\/\/eurlhosnakamel.dz\/wp-content\/uploads\/2020\/04\/LOGO-HOSNA1.png\",\"contentUrl\":\"https:\/\/eurlhosnakamel.dz\/wp-content\/uploads\/2020\/04\/LOGO-HOSNA1.png\",\"width\":120,\"height\":127,\"caption\":\"EURL HOSNA KAMEL - Bosch alg\u00e9rie\"},\"image\":{\"@id\":\"https:\/\/eurlhosnakamel.dz\/dz\/#\/schema\/logo\/image\/\"},\"sameAs\":[\"https:\/\/www.facebook.com\/Eurl.Hosna.DZ\/\"]}]}<\/script>\n<!-- \/ Yoast SEO plugin. -->","yoast_head_json":{"title":"Coffrets de forets pour carrelage HEX-9 Ceramic - EURL HOSNA KAMEL","description":"Coffrets de forets pour carrelage HEX-9 Ceramic - EURL HOSNA KAMEL","robots":{"index":"index","follow":"follow","max-snippet":"max-snippet:-1","max-image-preview":"max-image-preview:large","max-video-preview":"max-video-preview:-1"},"canonical":"https:\/\/eurlhosnakamel.dz\/dz\/produit\/coffrets-de-forets-pour-carrelage-hex-9-ceramic\/","og_locale":"fr_FR","og_type":"article","og_title":"Coffrets de forets pour carrelage HEX-9 Ceramic - EURL HOSNA KAMEL","og_description":"Coffrets de forets pour carrelage HEX-9 Ceramic - EURL HOSNA KAMEL","og_url":"https:\/\/eurlhosnakamel.dz\/dz\/produit\/coffrets-de-forets-pour-carrelage-hex-9-ceramic\/","og_site_name":"EURL HOSNA KAMEL","article_publisher":"https:\/\/www.facebook.com\/Eurl.Hosna.DZ\/","article_modified_time":"2021-12-19T09:23:46+00:00","og_image":[{"width":500,"height":500,"url":"https:\/\/eurlhosnakamel.dz\/dz\/wp-content\/uploads\/2020\/03\/accessoire-bosch-Coffrets-de-forets-pour-carrelage-HEX-9-Ceramic.jpg","type":"image\/jpeg"}],"twitter_card":"summary_large_image","twitter_misc":{"Dur\u00e9e de lecture estim\u00e9e":"1 minute"},"schema":{"@context":"https:\/\/schema.org","@graph":[{"@type":"WebPage","@id":"https:\/\/eurlhosnakamel.dz\/dz\/produit\/coffrets-de-forets-pour-carrelage-hex-9-ceramic\/","url":"https:\/\/eurlhosnakamel.dz\/dz\/produit\/coffrets-de-forets-pour-carrelage-hex-9-ceramic\/","name":"Coffrets de forets pour carrelage HEX-9 Ceramic - EURL HOSNA KAMEL","isPartOf":{"@id":"https:\/\/eurlhosnakamel.dz\/dz\/#website"},"primaryImageOfPage":{"@id":"https:\/\/eurlhosnakamel.dz\/dz\/produit\/coffrets-de-forets-pour-carrelage-hex-9-ceramic\/#primaryimage"},"image":{"@id":"https:\/\/eurlhosnakamel.dz\/dz\/produit\/coffrets-de-forets-pour-carrelage-hex-9-ceramic\/#primaryimage"},"thumbnailUrl":"https:\/\/eurlhosnakamel.dz\/dz\/wp-content\/uploads\/2020\/03\/accessoire-bosch-Coffrets-de-forets-pour-carrelage-HEX-9-Ceramic.jpg","datePublished":"2020-03-28T18:16:13+00:00","dateModified":"2021-12-19T09:23:46+00:00","description":"Coffrets de forets pour carrelage HEX-9 Ceramic - EURL HOSNA KAMEL","breadcrumb":{"@id":"https:\/\/eurlhosnakamel.dz\/dz\/produit\/coffrets-de-forets-pour-carrelage-hex-9-ceramic\/#breadcrumb"},"inLanguage":"fr-FR","potentialAction":[{"@type":"ReadAction","target":["https:\/\/eurlhosnakamel.dz\/dz\/produit\/coffrets-de-forets-pour-carrelage-hex-9-ceramic\/"]}]},{"@type":"ImageObject","inLanguage":"fr-FR","@id":"https:\/\/eurlhosnakamel.dz\/dz\/produit\/coffrets-de-forets-pour-carrelage-hex-9-ceramic\/#primaryimage","url":"https:\/\/eurlhosnakamel.dz\/dz\/wp-content\/uploads\/2020\/03\/accessoire-bosch-Coffrets-de-forets-pour-carrelage-HEX-9-Ceramic.jpg","contentUrl":"https:\/\/eurlhosnakamel.dz\/dz\/wp-content\/uploads\/2020\/03\/accessoire-bosch-Coffrets-de-forets-pour-carrelage-HEX-9-Ceramic.jpg","width":500,"height":500,"caption":"accessoire-bosch-Coffrets de forets pour carrelage HEX-9 Ceramic"},{"@type":"BreadcrumbList","@id":"https:\/\/eurlhosnakamel.dz\/dz\/produit\/coffrets-de-forets-pour-carrelage-hex-9-ceramic\/#breadcrumb","itemListElement":[{"@type":"ListItem","position":1,"name":"Accueil","item":"https:\/\/eurlhosnakamel.dz\/dz\/"},{"@type":"ListItem","position":2,"name":"Shop","item":"https:\/\/eurlhosnakamel.dz\/dz\/shop\/"},{"@type":"ListItem","position":3,"name":"Coffrets de forets pour carrelage HEX-9 Ceramic"}]},{"@type":"WebSite","@id":"https:\/\/eurlhosnakamel.dz\/dz\/#website","url":"https:\/\/eurlhosnakamel.dz\/dz\/","name":"EURL HOSNA KAMEL","description":"Fournisseur Premium d&#039;Outillages Professionnels en Alg\u00e9rie -","publisher":{"@id":"https:\/\/eurlhosnakamel.dz\/dz\/#organization"},"potentialAction":[{"@type":"SearchAction","target":{"@type":"EntryPoint","urlTemplate":"https:\/\/eurlhosnakamel.dz\/dz\/?s={search_term_string}"},"query-input":"required name=search_term_string"}],"inLanguage":"fr-FR"},{"@type":"Organization","@id":"https:\/\/eurlhosnakamel.dz\/dz\/#organization","name":"EURL HOSNA KAMEL - Bosch alg\u00e9rie","url":"https:\/\/eurlhosnakamel.dz\/dz\/","logo":{"@type":"ImageObject","inLanguage":"fr-FR","@id":"https:\/\/eurlhosnakamel.dz\/dz\/#\/schema\/logo\/image\/","url":"https:\/\/eurlhosnakamel.dz\/wp-content\/uploads\/2020\/04\/LOGO-HOSNA1.png","contentUrl":"https:\/\/eurlhosnakamel.dz\/wp-content\/uploads\/2020\/04\/LOGO-HOSNA1.png","width":120,"height":127,"caption":"EURL HOSNA KAMEL - Bosch alg\u00e9rie"},"image":{"@id":"https:\/\/eurlhosnakamel.dz\/dz\/#\/schema\/logo\/image\/"},"sameAs":["https:\/\/www.facebook.com\/Eurl.Hosna.DZ\/"]}]}},"_links":{"self":[{"href":"https:\/\/eurlhosnakamel.dz\/dz\/wp-json\/wp\/v2\/product\/3253","targetHints":{"allow":["GET"]}}],"collection":[{"href":"https:\/\/eurlhosnakamel.dz\/dz\/wp-json\/wp\/v2\/product"}],"about":[{"href":"https:\/\/eurlhosnakamel.dz\/dz\/wp-json\/wp\/v2\/types\/product"}],"wp:featuredmedia":[{"embeddable":true,"href":"https:\/\/eurlhosnakamel.dz\/dz\/wp-json\/wp\/v2\/media\/3255"}],"wp:attachment":[{"href":"https:\/\/eurlhosnakamel.dz\/dz\/wp-json\/wp\/v2\/media?parent=3253"}],"wp:term":[{"taxonomy":"product_cat","embeddable":true,"href":"https:\/\/eurlhosnakamel.dz\/dz\/wp-json\/wp\/v2\/product_cat?post=3253"},{"taxonomy":"product_tag","embeddable":true,"href":"https:\/\/eurlhosnakamel.dz\/dz\/wp-json\/wp\/v2\/product_tag?post=3253"}],"curies":[{"name":"wp","href":"https:\/\/api.w.org\/{rel}","templated":true}]}}